{"id":92,"date":"2018-11-16T17:27:09","date_gmt":"2018-11-16T17:27:09","guid":{"rendered":"http:\/\/www.itei.org.mx\/v3\/micrositios\/sea\/?page_id=92"},"modified":"2019-03-14T11:11:51","modified_gmt":"2019-03-14T17:11:51","slug":"documentos-de-interes","status":"publish","type":"page","link":"https:\/\/www.itei.org.mx\/v3\/micrositios\/sea\/transparencia\/documentos-de-interes\/","title":{"rendered":"Documentos de inter\u00e9s"},"content":{"rendered":"\n<div class=\"wp-block-file\"><a href=\"http:\/\/www.itei.org.mx\/v3\/micrositios\/sea\/wp-content\/uploads\/2019\/03\/Sexto-numero-de-la-Revista-Caja-de-Cristal.pdf\">Sexto n\u00famero de la Revista Caja de Cristal<\/a><\/div>\n\n\n\n<div class=\"wp-block-file\"><a href=\"http:\/\/www.itei.org.mx\/v3\/micrositios\/sea\/wp-content\/uploads\/2019\/03\/Resolucion-1-17-Derechos-Humanos-y-lucha-contra-la-impunidad-y-la-corrupcion.pdf\">Resoluci\u00f3n 1-17 Derechos Humanos y lucha contra la impunidad y la corrupci\u00f3n<\/a><\/div>\n\n\n\n<div class=\"wp-block-file\"><a href=\"http:\/\/www.itei.org.mx\/v3\/micrositios\/sea\/wp-content\/uploads\/2019\/03\/Propuesta-de-la-Politica-Nacional-Anticorrupcion-de-la-Secretaria-de-la-Funcion-Publica.pdf\">Propuesta de la Pol\u00edtica Nacional Anticorrupci\u00f3n de la Secretar\u00eda de la Funci\u00f3n P\u00fablica<\/a><\/div>\n\n\n\n<div class=\"wp-block-file\"><a href=\"http:\/\/www.itei.org.mx\/v3\/micrositios\/sea\/wp-content\/uploads\/2019\/03\/Manual-sobre-el-Sistema-Nacional-Anticorrupcio\u0301n.pdf\">Manual sobre el Sistema Nacional Anticorrupcio\u0301n<\/a><\/div>\n\n\n\n<div class=\"wp-block-file\"><a href=\"http:\/\/www.itei.org.mx\/v3\/micrositios\/sea\/wp-content\/uploads\/2019\/03\/Manual-sobre-el-Sistema-Nacional-Anticorrupcio\u0301n-para-particulares.pdf\">Manual sobre el Sistema Nacional Anticorrupcio\u0301n para particulares<\/a><\/div>\n\n\n\n<div class=\"wp-block-file\"><a href=\"http:\/\/www.itei.org.mx\/v3\/micrositios\/sea\/wp-content\/uploads\/2019\/03\/Hacia-una-politica-nacional-anticorrupico\u0301n.-Bases-para-una-discusion-publica.pdf\">Hac\u00eda una pol\u00edtica nacional anticorrupcio\u0301n. Bases para una discusi\u00f3n p\u00fablica<\/a><\/div>\n\n\n\n<div class=\"wp-block-file\"><a href=\"http:\/\/www.itei.org.mx\/v3\/micrositios\/sea\/wp-content\/uploads\/2019\/03\/Disen\u0303o-de-una-Politica-Publica-de-Designacion-de-Titulares-de-Organos-Internos-de-Control-y-Unidades-Responsabilidades.pdf\">Disen\u0303o de una Pol\u00edtica Publica de Designaci\u00f3n de Titulares de \u00d3rganos Internos de Control y Unidades Responsabilidades<\/a><\/div>\n\n\n\n<div class=\"wp-block-file\"><a href=\"http:\/\/www.itei.org.mx\/v3\/micrositios\/sea\/wp-content\/uploads\/2019\/03\/Corrupcio\u0301n-y-denuncia-La-denuncia-como-intrumento-social.pdf\">Corrupcio\u0301n y denuncia: La denuncia como instrumento social<\/a><\/div>\n\n\n\n<div class=\"wp-block-file\"><a href=\"http:\/\/www.itei.org.mx\/v3\/micrositios\/sea\/wp-content\/uploads\/2019\/03\/Corrupcion-como-proceso-organizacional-comprendiendo-la-logica-de-la-desnormalizacion-de-la-corrupcion.pdf\">Corrupci\u00f3n como proceso organizacional comprendiendo la l\u00f3gica de la desnormalizaci\u00f3n de la corrupci\u00f3n<\/a><\/div>\n\n\n\n<div class=\"wp-block-file\"><a href=\"http:\/\/www.itei.org.mx\/v3\/micrositios\/sea\/wp-content\/uploads\/2019\/03\/Como-combtir-la-corrupcio\u0301n.pdf\">Como combatir la corrupcio\u0301n<\/a><\/div>\n\n\n\n<div class=\"wp-block-file\"><a href=\"http:\/\/www.itei.org.mx\/v3\/micrositios\/sea\/wp-content\/uploads\/2019\/03\/Bases-generales-para-capacitacio\u0301n-en-el-marco-del-disen\u0303o-de-la-Poli\u0301tica-Nacional-Anticorrupcio\u0301n.pdf\">Bases generales para capacitacio\u0301n en el marco del disen\u0303o de la Poli\u0301tica Nacional Anticorrupcio\u0301n<\/a><\/div>\n\n\n\n<div class=\"wp-block-file\"><a href=\"http:\/\/www.itei.org.mx\/v3\/micrositios\/sea\/wp-content\/uploads\/2019\/03\/Anatomia-de-la-Corrupcion.pdf\">Anatom\u00eda de la Corrupci\u00f3n<\/a><\/div>\n\n\n\n<div class=\"wp-block-file\"><a href=\"http:\/\/www.itei.org.mx\/v3\/micrositios\/sea\/wp-content\/uploads\/2019\/03\/Analisis-de-modelo-de-la-Plataforma-Digital-Nacional.pdf\">An\u00e1lisis de modelo de la Plataforma Digital Nacional<\/a><\/div>\n\n\n\n<div class=\"wp-block-file\"><a href=\"http:\/\/www.itei.org.mx\/v3\/micrositios\/sea\/wp-content\/uploads\/2019\/03\/Plan-Institucional-de-trabajo-de-la-Secretaria-Ejecutiva-del-SEAJAL-2018-2022.pdf\">Plan Institucional de trabajo de la Secretar\u00eda Ejecutiva del SEAJAL 2018 2022<\/a><\/div>\n\n\n\n<div class=\"wp-block-file\"><a href=\"http:\/\/www.itei.org.mx\/v3\/micrositios\/sea\/wp-content\/uploads\/2019\/03\/Analisis-de-modelo-de-la-Plataforma-Digital-Nacional.pdf\">An\u00e1lisis de modelo de la Plataforma Digital Nacional<\/a><\/div>\n\n\n\n<div class=\"wp-block-file\"><a href=\"http:\/\/www.itei.org.mx\/v3\/micrositios\/sea\/wp-content\/uploads\/2019\/03\/Lineamientos-de-Reclutamiento-y-Seleccion-del-Personal-de-la-Secretaria-Ejecutiva-del-SEAJAL.pdf\">Lineamientos de Reclutamiento y Selecci\u00f3n del Personal de la Secretar\u00eda Ejecutiva del SEAJAL<\/a><\/div>\n\n\n\n<div class=\"wp-block-file\"><a href=\"http:\/\/www.itei.org.mx\/v3\/micrositios\/sea\/wp-content\/uploads\/2019\/03\/Catalogo-Perfiles-Puestos-Secretaria-Ejecutiva-del-SEAJAL.pdf\">Cat\u00e1logo Perfiles Puestos Secretar\u00eda Ejecutiva del SEAJAL<\/a><\/div>\n\n\n\n<div class=\"wp-block-file\"><a href=\"http:\/\/www.itei.org.mx\/v3\/micrositios\/sea\/wp-content\/uploads\/2019\/03\/Politicas-bases-y-lineamientos-para-la-adquisicion-de-la-Secretaria-Ejecutiva-del-SEAJAL.pdf\">Pol\u00edticas bases y lineamientos para la adquisici\u00f3n de la Secretar\u00eda Ejecutiva del SEAJAL<\/a><\/div>\n\n\n\n<div class=\"wp-block-file\"><a href=\"http:\/\/www.itei.org.mx\/v3\/micrositios\/sea\/wp-content\/uploads\/2019\/03\/Manual-que-regula-las-erogaciones-de-la-Secretaria-Ejecutiva-del-SEAJAL_en-materia-de-pasajes-y-viaticos.pdf\">Manual que regula las erogaciones de la Secretar\u00eda Ejecutiva del SEAJAL_en materia de pasajes y vi\u00e1ticos<\/a><\/div>\n\n\n\n<div class=\"wp-block-file\"><a href=\"http:\/\/www.itei.org.mx\/v3\/micrositios\/sea\/wp-content\/uploads\/2019\/03\/Informe-de-Actividades-de-la-Secretaria-Ejecutiva-del-SEAJAL-2018-2019.pdf\">Informe de Actividades de la Secretar\u00eda Ejecutiva del SEAJAL 2018 2019<\/a><\/div>\n\n\n\n<div class=\"wp-block-file\"><a href=\"http:\/\/www.itei.org.mx\/v3\/micrositios\/sea\/wp-content\/uploads\/2019\/03\/Resumen-de-entrega-de-recomendaciones-del-Comite-Coordinador-del-SEAJAL.pdf\">Resumen de entrega de recomendaciones del Comit\u00e9 Coordinador del SEAJAL<\/a><\/div>\n\n\n\n<div class=\"wp-block-file\"><a href=\"http:\/\/www.itei.org.mx\/v3\/micrositios\/sea\/wp-content\/uploads\/2019\/03\/Informe-de-Actividades-del-Comite-Coordinador-del-SEAJAL-2018-2019.pdf\">Informe de Actividades del Comit\u00e9 Coordinador del SEAJAL 2018 2019<\/a><\/div>\n\n\n\n<div class=\"wp-block-file\"><a href=\"http:\/\/www.itei.org.mx\/v3\/micrositios\/sea\/wp-content\/uploads\/2019\/03\/POBALINES-de-la-Secretaria-Ejecutiva-del-SEAJAL.pdf\">POBALINES de la Secretar\u00eda Ejecutiva del SEAJAL<\/a><\/div>\n","protected":false},"excerpt":{"rendered":"<p>Sexto n\u00famero de la Revista Caja de Cristal Resoluci\u00f3n 1-17 Derechos Humanos y lucha contra la impunidad y la corrupci\u00f3n Propuesta de la Pol\u00edtica Nacional Anticorrupci\u00f3n de la Secretar\u00eda de la Funci\u00f3n P\u00fablica Manual sobre el Sistema Nacional Anticorrupcio\u0301n Manual sobre el Sistema Nacional Anticorrupcio\u0301n para particulares Hac\u00eda una pol\u00edtica nacional anticorrupcio\u0301n. Bases para una &hellip; <\/p>\n<p class=\"link-more\"><a href=\"https:\/\/www.itei.org.mx\/v3\/micrositios\/sea\/transparencia\/documentos-de-interes\/\" class=\"more-link\">Continuar leyendo<span class=\"screen-reader-text\"> \u00abDocumentos de inter\u00e9s\u00bb<\/span><\/a><\/p>\n","protected":false},"author":1,"featured_media":0,"parent":53,"menu_order":0,"comment_status":"closed","ping_status":"closed","template":"","meta":[],"_links":{"self":[{"href":"https:\/\/www.itei.org.mx\/v3\/micrositios\/sea\/wp-json\/wp\/v2\/pages\/92"}],"collection":[{"href":"https:\/\/www.itei.org.mx\/v3\/micrositios\/sea\/wp-json\/wp\/v2\/pages"}],"about":[{"href":"https:\/\/www.itei.org.mx\/v3\/micrositios\/sea\/wp-json\/wp\/v2\/types\/page"}],"author":[{"embeddable":true,"href":"https:\/\/www.itei.org.mx\/v3\/micrositios\/sea\/wp-json\/wp\/v2\/users\/1"}],"replies":[{"embeddable":true,"href":"https:\/\/www.itei.org.mx\/v3\/micrositios\/sea\/wp-json\/wp\/v2\/comments?post=92"}],"version-history":[{"count":6,"href":"https:\/\/www.itei.org.mx\/v3\/micrositios\/sea\/wp-json\/wp\/v2\/pages\/92\/revisions"}],"predecessor-version":[{"id":450,"href":"https:\/\/www.itei.org.mx\/v3\/micrositios\/sea\/wp-json\/wp\/v2\/pages\/92\/revisions\/450"}],"up":[{"embeddable":true,"href":"https:\/\/www.itei.org.mx\/v3\/micrositios\/sea\/wp-json\/wp\/v2\/pages\/53"}],"wp:attachment":[{"href":"https:\/\/www.itei.org.mx\/v3\/micrositios\/sea\/wp-json\/wp\/v2\/media?parent=92"}],"curies":[{"name":"wp","href":"https:\/\/api.w.org\/{rel}","templated":true}]}}