{"id":73,"date":"2018-11-16T17:23:32","date_gmt":"2018-11-16T17:23:32","guid":{"rendered":"http:\/\/www.itei.org.mx\/v3\/micrositios\/sea\/?page_id=73"},"modified":"2022-11-01T10:42:42","modified_gmt":"2022-11-01T16:42:42","slug":"organo-de-gobierno","status":"publish","type":"page","link":"https:\/\/www.itei.org.mx\/v3\/micrositios\/sea\/transparencia\/convocatorias-de-sesiones\/organo-de-gobierno\/","title":{"rendered":"\u00d3rgano de Gobierno"},"content":{"rendered":"\n<h2>CONVOCATORIAS 2022<\/h2>\n\n\n\n<div class=\"wp-block-file\"><a href=\"http:\/\/www.itei.org.mx\/v3\/micrositios\/sea\/wp-content\/uploads\/2022\/11\/Convocatoria-Sesion-Ordinaria-OG-SEAJAL-20220818.pdf\">Convocatoria Tercera Sesi\u00f3n Ordinaria 2022 &#8211; 18 de agosto de 2022<\/a><\/div>\n\n\n\n<div class=\"wp-block-file\"><a href=\"http:\/\/www.itei.org.mx\/v3\/micrositios\/sea\/wp-content\/uploads\/2022\/09\/2.-Orden-del-Dia-3era-Sesion-OrdinariaOG-SEAJAL-20220811.pdf\">Convocatoria Tercera Sesi\u00f3n Ordinaria 2022 &#8211; 11 de agosto de 2022<\/a><\/div>\n\n\n\n<div class=\"wp-block-file\"><a href=\"http:\/\/www.itei.org.mx\/v3\/micrositios\/sea\/wp-content\/uploads\/2022\/09\/0.-Convocatoria-2da-Sesion-Ordinaria-OG-SEAJAL-20220331.pdf\">Convocatoria Segunda Sesi\u00f3n Ordinaria 2022<\/a><\/div>\n\n\n\n<div class=\"wp-block-file\"><a href=\"http:\/\/www.itei.org.mx\/v3\/micrositios\/sea\/wp-content\/uploads\/2022\/09\/0.-Convocatoria-1era-Sesion-Ordinaria-OG-SEAJAL-20220127.pdf\">Convocatoria Primera Sesi\u00f3n Ordinaria 2022<\/a><\/div>\n\n\n\n<h2>CONVOCATORIAS 2021<\/h2>\n\n\n\n<div class=\"wp-block-file\"><a href=\"https:\/\/sesaj.org\/sites\/default\/files\/2021\/convocatorias\/og\/Convocatoria_Sesioon_Ordinaria_OG_SEAJAL_20211129.pdf\">Convocatoria Cuarta Sesi\u00f3n Ordinaria 2021<\/a><\/div>\n\n\n\n<div class=\"wp-block-file\"><a href=\"https:\/\/sesaj.org\/sites\/default\/files\/2021\/convocatorias\/og\/Convocatoria_Sesion_Ordinaria_OG_SEAJAL_20210812.pdf\">Convocatoria Tercera Sesi\u00f3n Ordinaria 2021<\/a><\/div>\n\n\n\n<div class=\"wp-block-file\"><a href=\"https:\/\/sesaj.org\/sites\/default\/files\/2021\/convocatorias\/og\/Convocatoria_Sesion_Extraordinaria_OG_SEAJAL_20210628.pdf\">Convocatoria Cuarta Sesi\u00f3n Extraordinaria 2021<\/a><\/div>\n\n\n\n<div class=\"wp-block-file\"><a href=\"https:\/\/sesaj.org\/sites\/default\/files\/2021\/convocatorias\/og\/Convocatoria_Sesion_Extraordinaria_OG_SESAJ_3era_Ext_2021.pdf\">Convocatoria Tercera Sesi\u00f3n Extraordinaria 2021<\/a><\/div>\n\n\n\n<div class=\"wp-block-file\"><a href=\"https:\/\/sesaj.org\/sites\/default\/files\/2021\/convocatorias\/og\/Convocatoria_sesion_Extraordinaria_OG_26042021.pdf\">Convocatoria Segunda Sesi\u00f3n Extraordinaria 2021<\/a><\/div>\n\n\n\n<div class=\"wp-block-file\"><a href=\"https:\/\/sesaj.org\/sites\/default\/files\/2021\/convocatorias\/og\/Convocatoria_sesion_Extraordinaria_OG_03032021.pdf\">Convocatoria Primera Sesi\u00f3n Extraordinaria 2021<\/a><\/div>\n\n\n\n<div class=\"wp-block-file\"><a href=\"https:\/\/sesaj.org\/sites\/default\/files\/2021\/convocatorias\/og\/Convocatoria_Sesion_Ordinaria_OG_SEAJAL_20210222.pdf\">Convocatoria Segunda Sesi\u00f3n Ordinaria 2021<\/a><\/div>\n\n\n\n<div class=\"wp-block-file\"><a href=\"http:\/\/www.itei.org.mx\/v3\/micrositios\/sea\/wp-content\/uploads\/2021\/01\/0.-Convocatoria-Sesi\u00f3n-Ordinaria-OG-SEAJAL-20210118.pdf\">Convocatoria Primera Sesi\u00f3n Ordinaria 2021<\/a><\/div>\n\n\n\n<h2>CONVOCATORIAS 2020<\/h2>\n\n\n\n<div class=\"wp-block-file\"><a href=\"http:\/\/www.itei.org.mx\/v3\/micrositios\/sea\/wp-content\/uploads\/2020\/11\/0.-Convocatoria-Sesi\u00f3n-Ordinaria-OG-SEAJAL-20201123.pdf\">Convocatoria Cuarta Sesi\u00f3n Ordinaria 2020<\/a><\/div>\n\n\n\n<div class=\"wp-block-file\"><a href=\"http:\/\/www.itei.org.mx\/v3\/micrositios\/sea\/wp-content\/uploads\/2020\/10\/0.-Convocatoria-Sesi\u00f3n-Ordinaria-OG-SEAJAL-20201026.pdf\">Convocatoria Tercera Sesi\u00f3n Ordinaria 2020<\/a><a <=\"\" a=\"\"><\/a><\/div>\n\n\n\n<div class=\"wp-block-file\"><a href=\"http:\/\/www.itei.org.mx\/v3\/micrositios\/sea\/wp-content\/uploads\/2020\/08\/Convocatoria-2da-Sesi\u00f3n-Ordinaria-OG.pdf\">Convocatoria Segunda Sesi\u00f3n Ordinaria 2020<\/a><\/div>\n\n\n\nCambio de sede a la Auditoria Superior del Estado de Jalisco\n<div class=\"wp-block-file\"><a href=\"http:\/\/www.itei.org.mx\/v3\/micrositios\/sea\/wp-content\/uploads\/2020\/06\/0.-Convocatoria-Sesi\u00f3n-Extraordinaria-OG-SEAJAL-20200609.pdf\">Convocatoria Cuarta Sesi\u00f3n Extraordinaria 2020<\/a><\/div>\n\n\n\n<div class=\"wp-block-file\"><a href=\"http:\/\/www.itei.org.mx\/v3\/micrositios\/sea\/wp-content\/uploads\/2020\/05\/0.-Convocatoria-Sesi\u00f3n-Extraordinaria-OG-SEAJAL-20200514.pdf\">Convocatoria Tercera Sesi\u00f3n Extraordinaria 2020<\/a><a <=\"\" a=\"\"><\/a><\/div>\n\n\n\n<div class=\"wp-block-file\"><a href=\"http:\/\/www.itei.org.mx\/v3\/micrositios\/sea\/wp-content\/uploads\/2020\/05\/0.-Convocatoria-Sesi\u00f3n-Extraordinaria-OG-SEAJAL-20200504.pdf\">Convocatoria Segunda Sesi\u00f3n Extraordinaria 2020<\/a><a <=\"\" a=\"\"><\/a><\/div>\n\n\n\n<div class=\"wp-block-file\"><a href=\"http:\/\/www.itei.org.mx\/v3\/micrositios\/sea\/wp-content\/uploads\/2020\/02\/0.-Convocatoria-Sesi\u00f3n-Extraordinaria-OG-SEAJAL-20200226.pdf\">Convocatoria Primera Sesi\u00f3n Extraordinaria 2020<\/a><a href=\"http:\/\/www.itei.org.mx\/v3\/micrositios\/sea\/wp-content\/uploads\/2020\/02\/0.-Convocatoria-Sesi\u00f3n-Extraordinaria-OG-SEAJAL-20200226.pdf\" <=\"\" a=\"\"><\/a><\/div>\n\n\n\n<div class=\"wp-block-file\"><a href=\"http:\/\/www.itei.org.mx\/v3\/micrositios\/sea\/wp-content\/uploads\/2020\/01\/Convocatoria-Primera-Sesi\u00f3n-Ordinaria-OG-SEAJAL.pdf\">Convocatoria Primera Sesi\u00f3n Ordinaria 2020<\/a><\/div>\n\n\n\n<h2>CONVOCATORIAS 2019<\/h2>\n\n\n\n<div class=\"wp-block-file\"><a href=\"http:\/\/www.itei.org.mx\/v3\/micrositios\/sea\/wp-content\/uploads\/2019\/11\/0.-Convocatoria-Sesio\u00ecn-Extraordinaria-OG-SEAJAL-20191125.pdf\">Convocatoria Cuarta Sesi\u00f3n Extraordinaria 2019<\/a><\/div>\n\n\n\n<div class=\"wp-block-file\"><a href=\"http:\/\/www.itei.org.mx\/v3\/micrositios\/sea\/wp-content\/uploads\/2019\/10\/Convocatoria-4ta-sesi\u00f3n-ordinaria-del-OG.pdf\">Convocatoria Cuarta Sesi\u00f3n Ordinaria 2019<\/a><\/div>\n\n\n\n<div class=\"wp-block-file\"><a href=\"http:\/\/www.itei.org.mx\/v3\/micrositios\/sea\/wp-content\/uploads\/2019\/10\/0.-Convocatoria-Sesi\u00f3n-Extraordinaria-OG-SEAJAL-20190924.pdf\">Convocatoria Tercera Sesi\u00f3n Extraordinaria 2019<\/a><\/div>\n\n\n\n<div class=\"wp-block-file\"><a href=\"http:\/\/www.itei.org.mx\/v3\/micrositios\/sea\/wp-content\/uploads\/2019\/08\/3ra-Sesi\u00f3n-ordinaria-del-\u00d3rgano-de-Gobierno.pdf\">Convocatoria Tercera Sesi\u00f3n Ordinaria 2019<\/a><\/div>\n\n\n\nCambio de sede a la Auditoria Superior del Estado de Jalisco <div class=\"wp-block-file\"><a href=\"http:\/\/www.itei.org.mx\/v3\/micrositios\/sea\/wp-content\/uploads\/2019\/05\/0.-Convocatoria-Sesi\u00f3n-Ordinaria-OG-SEAJAL-jun4.pdf\">Convocatoria Segunda Sesio\u0301n Ordinaria 2019<\/a><\/div>\n\n\n\n<div class=\"wp-block-file\"><a href=\"http:\/\/www.itei.org.mx\/v3\/micrositios\/sea\/wp-content\/uploads\/2019\/04\/0.-Convocatoria-Sesio\u00ecn-Extraordinaria-OG-SEAJAL-abr8.pdf\">Convocatoria Reanudaci\u00f3n Segunda Sesio\u0301n Extraordinaria 2019<\/a><\/div>\n\n\n\n<div class=\"wp-block-file\"><a href=\"http:\/\/www.itei.org.mx\/v3\/micrositios\/sea\/wp-content\/uploads\/2019\/03\/2a-Sesio\u0301n-Extraordinaria.pdf\">Convocatoria Segunda Sesio\u0301n Extraordinaria 2019<\/a><\/div>\n\n\n\n<div class=\"wp-block-file\"><a href=\"http:\/\/www.itei.org.mx\/v3\/micrositios\/sea\/wp-content\/uploads\/2019\/03\/2019-OG-Convocatoria-1a-Sesio\u0301n-Extraordinaria-del-O\u0301rgano-de-Gobierno.pdf\">Convocatoria Primera Sesio\u0301n Extraordinaria 2019<\/a><\/div>\n\n\n\n<div class=\"wp-block-file\"><a href=\"http:\/\/www.itei.org.mx\/v3\/micrositios\/sea\/wp-content\/uploads\/2019\/03\/2019-OG-Convocatoria-1a-Sesio\u0301n-Ordinaria-del-O\u0301rgano-de-Gobierno.pdf\">Convocatoria Primera Sesio\u0301n Ordinaria 2019<\/a><\/div>\n\n\n\n<h2>CONVOCATORIAS 2018<\/h2>\n\n\n\n<div class=\"wp-block-file\"><a href=\"http:\/\/www.itei.org.mx\/v3\/micrositios\/sea\/wp-content\/uploads\/2019\/03\/2018-OG-Convocatoria-6a-Sesio\u0301n-Extraordinaria-del-O\u0301rgano-de-Gobierno.pdf\">Convocatoria Sexta Sesio\u0301n Extraordinaria 2018<\/a><\/div>\n\n\n\n<div class=\"wp-block-file\"><a href=\"http:\/\/www.itei.org.mx\/v3\/micrositios\/sea\/wp-content\/uploads\/2019\/03\/2018-OG-Convocatoria-5a-Sesio\u0301n-Extraordinaria-del-O\u0301rgano-de-Gobierno.pdf\">Convocatoria Quinta Sesio\u0301n Extraordinaria 2018<\/a><\/div>\n\n\n\n<div class=\"wp-block-file\"><a href=\"http:\/\/www.itei.org.mx\/v3\/micrositios\/sea\/wp-content\/uploads\/2019\/03\/2018-OG-Convocatoria-3a-Sesio\u0301n-Ordinaria-del-O\u0301rgano-de-Gobierno.pdf\">Convocatoria Tercera Sesio\u0301n Ordinaria 2018<\/a><\/div>\n\n\n\n<div class=\"wp-block-file\"><a href=\"http:\/\/www.itei.org.mx\/v3\/micrositios\/sea\/wp-content\/uploads\/2019\/03\/2018-OG-Convocatoria-4a-Sesio\u0301n-Extraordinaria-del-O\u0301rgano-de-Gobierno.pdf\">Convocatoria Cuarta Sesio\u0301n Extraordinaria 2018<\/a><\/div>\n\n\n\n<div class=\"wp-block-file\"><a href=\"http:\/\/www.itei.org.mx\/v3\/micrositios\/sea\/wp-content\/uploads\/2019\/03\/2018-OG-Convocatoria-3a-Sesio\u0301n-Extraordinaria-del-O\u0301rgano-de-Gobierno.pdf\">Convocatoria Tercera Sesio\u0301n Extraordinaria 2018<\/a><\/div>\n\n\n\n<div class=\"wp-block-file\"><a href=\"http:\/\/www.itei.org.mx\/v3\/micrositios\/sea\/wp-content\/uploads\/2019\/03\/2018-OG-Convocatoria-2a-Sesio\u0301n-Ordinaria-del-O\u0301rgano-de-Gobierno.pdf\">Convocatoria Segunda Sesio\u0301n Ordinaria 2018<\/a><\/div>\n\n\n\n<div class=\"wp-block-file\"><a href=\"https:\/\/sesaj.org\/sites\/default\/files\/2019-05\/Sesiones%202018OG\/4%20Sesi%C3%B3n%20Extraordinaria%2020180424\/Convocatoria%20OG%20Sesi%C3%B3n%20Extraordinaria%2020180424.pdf\">Convocatoria Segunda Sesio\u0301n Extraordinaria 2018<\/a><\/div>\n\n\n\n<div class=\"wp-block-file\"><a href=\"https:\/\/sesaj.org\/sites\/default\/files\/2019-05\/Sesiones%202018OG\/3%20Sesi%C3%B3n%20Ordinaria%2020180410\/Convocatoria%20OG%20Sesi%C3%B3n%20Ordinaria%2020180410.pdf\">Convocatoria Primera Sesio\u0301n Ordinaria 2018<\/a><\/div>\n\n\n\n<div class=\"wp-block-file\"><a href=\"http:\/\/www.itei.org.mx\/v3\/micrositios\/sea\/wp-content\/uploads\/2019\/03\/2018-OG-Convocatoria-1a-Sesio\u0301n-Extraordinaria-del-O\u0301rgano-Gobierno.pdf\">Convocatoria Primera Sesio\u0301n Extraordinaria 2018<\/a><\/div>\n","protected":false},"excerpt":{"rendered":"<p>CONVOCATORIAS 2022 Convocatoria Tercera Sesi\u00f3n Ordinaria 2022 &#8211; 18 de agosto de 2022 Convocatoria Tercera Sesi\u00f3n Ordinaria 2022 &#8211; 11 de agosto de 2022 Convocatoria Segunda Sesi\u00f3n Ordinaria 2022 Convocatoria Primera Sesi\u00f3n Ordinaria 2022 CONVOCATORIAS 2021 Convocatoria Cuarta Sesi\u00f3n Ordinaria 2021 Convocatoria Tercera Sesi\u00f3n Ordinaria 2021 Convocatoria Cuarta Sesi\u00f3n Extraordinaria 2021 Convocatoria Tercera Sesi\u00f3n Extraordinaria &hellip; <\/p>\n<p class=\"link-more\"><a href=\"https:\/\/www.itei.org.mx\/v3\/micrositios\/sea\/transparencia\/convocatorias-de-sesiones\/organo-de-gobierno\/\" class=\"more-link\">Continuar leyendo<span class=\"screen-reader-text\"> \u00ab\u00d3rgano de Gobierno\u00bb<\/span><\/a><\/p>\n","protected":false},"author":1,"featured_media":0,"parent":69,"menu_order":0,"comment_status":"closed","ping_status":"closed","template":"","meta":[],"_links":{"self":[{"href":"https:\/\/www.itei.org.mx\/v3\/micrositios\/sea\/wp-json\/wp\/v2\/pages\/73"}],"collection":[{"href":"https:\/\/www.itei.org.mx\/v3\/micrositios\/sea\/wp-json\/wp\/v2\/pages"}],"about":[{"href":"https:\/\/www.itei.org.mx\/v3\/micrositios\/sea\/wp-json\/wp\/v2\/types\/page"}],"author":[{"embeddable":true,"href":"https:\/\/www.itei.org.mx\/v3\/micrositios\/sea\/wp-json\/wp\/v2\/users\/1"}],"replies":[{"embeddable":true,"href":"https:\/\/www.itei.org.mx\/v3\/micrositios\/sea\/wp-json\/wp\/v2\/comments?post=73"}],"version-history":[{"count":36,"href":"https:\/\/www.itei.org.mx\/v3\/micrositios\/sea\/wp-json\/wp\/v2\/pages\/73\/revisions"}],"predecessor-version":[{"id":891,"href":"https:\/\/www.itei.org.mx\/v3\/micrositios\/sea\/wp-json\/wp\/v2\/pages\/73\/revisions\/891"}],"up":[{"embeddable":true,"href":"https:\/\/www.itei.org.mx\/v3\/micrositios\/sea\/wp-json\/wp\/v2\/pages\/69"}],"wp:attachment":[{"href":"https:\/\/www.itei.org.mx\/v3\/micrositios\/sea\/wp-json\/wp\/v2\/media?parent=73"}],"curies":[{"name":"wp","href":"https:\/\/api.w.org\/{rel}","templated":true}]}}